{"id":449,"date":"2021-11-20T09:17:00","date_gmt":"2021-11-20T08:17:00","guid":{"rendered":"https:\/\/www.velocity-limburg.nl\/about\/"},"modified":"2023-12-12T15:48:19","modified_gmt":"2023-12-12T14:48:19","slug":"bedrijf","status":"publish","type":"page","link":"https:\/\/www.velocity-limburg.nl\/de\/bedrijf\/","title":{"rendered":"Gesch\u00e4ftskunden"},"content":{"rendered":"<h1>Angebot f\u00fcr Gesch\u00e4ftskunden und Unternehmen<\/h1>\n<p style=\"text-align: left;\">E-Bikes spielen in der betrieblichen Mobilit\u00e4t der Zukunft eine gro\u00dfe Rolle. Der Einsatz von E-Bikes tr\u00e4gt nicht nur zur Verbesserung der Umweltbilanz Ihres Betriebes und der Gesundheit Ihrer Mitarbeiter bei, Sie k\u00f6nnen auch effektiv Ihre Mobilit\u00e4tskosten und die Anzahl der PKW-Stellpl\u00e4tze reduzieren. In vielen F\u00e4llen sind Ihre Mitarbeiter mit E-Bikes schneller am Ziel als mit anderen Verkehrsmitteln, sodass sie ihre Arbeitszeit produktiver nutzen k\u00f6nnen.<\/p>\n<h2>Vorteile f\u00fcr Unternehmen<\/h2>\n<p>\t\t\t\t<a href=\"#\" tabindex=\"-1\"><br \/>\n\t\t\t\t\t\t\t\t<\/a><\/p>\n<h4>\n\t\t\t\t\t<a href=\"#\" ><br \/>\n\t\t\t\t\t\t\t\t\t\t\t<\/a><br \/>\n\t\t\t\t<\/h4>\n<p>\n\t\t\t\t\t\tBeitrag zur Emissionsvermeidung\t\t\t\t\t<\/p>\n<p>\t\t\t\t<a href=\"#\" tabindex=\"-1\"><br \/>\n\t\t\t\t\t\t\t\t<\/a><\/p>\n<h4>\n\t\t\t\t\t<a href=\"#\" ><br \/>\n\t\t\t\t\t\t\t\t\t\t\t<\/a><br \/>\n\t\t\t\t<\/h4>\n<p>\n\t\t\t\t\t\tAktiver Beitrag f\u00fcr den Gesundheitsschutz\t\t\t\t\t<\/p>\n<p>\t\t\t\t<a href=\"#\" tabindex=\"-1\"><br \/>\n\t\t\t\t\t\t\t\t<\/a><\/p>\n<h4>\n\t\t\t\t\t<a href=\"#\" ><br \/>\n\t\t\t\t\t\t\t\t\t\t\t<\/a><br \/>\n\t\t\t\t<\/h4>\n<p>\n\t\t\t\t\t\tAttraktivit\u00e4t bei Arbeitnehmern<i><\/i>\t\t\t\t\t<\/p>\n<p>\t\t\t\t<a href=\"#\" tabindex=\"-1\"><br \/>\n\t\t\t\t\t\t\t\t<\/a><\/p>\n<h4>\n\t\t\t\t\t<a href=\"#\" ><br \/>\n\t\t\t\t\t\t\t\t\t\t\t<\/a><br \/>\n\t\t\t\t<\/h4>\n<p>\n\t\t\t\t\t\tKostensenkung bei Dienstfahrten   \t\t\t\t\t<\/p>\n<p>\t\t\t\t<a href=\"#\" tabindex=\"-1\"><br \/>\n\t\t\t\t\t\t\t\t<\/a><\/p>\n<h4>\n\t\t\t\t\t<a href=\"#\" ><br \/>\n\t\t\t\t\t\t\t\t\t\t\t<\/a><br \/>\n\t\t\t\t<\/h4>\n<p>\n\t\t\t\t\t\tEinsparungen von Parkpl\u00e4tzen\t\t\t\t\t<\/p>\n<p>\t\t\t\t<a href=\"#\" tabindex=\"-1\"><br \/>\n\t\t\t\t\t\t\t\t<\/a><\/p>\n<h4>\n\t\t\t\t\t<a href=\"#\" ><br \/>\n\t\t\t\t\t\t\t\t\t\t\t<\/a><br \/>\n\t\t\t\t<\/h4>\n<p>\n\t\t\t\t\t\tReisezeitoptimierung dank flexibler Verbindungen \t\t\t\t\t<\/p>\n<h2>Leistungsangebot<\/h2>\n<p>\t\t\t\t\t\t\t\t\t\t\t\t<img decoding=\"async\" width=\"1024\" height=\"683\" src=\"https:\/\/www.velocity-limburg.nl\/wp-content\/uploads\/2021\/02\/Q55A3007-1024x683.jpg\" alt=\"velocity-siegerland-business\" loading=\"lazy\" srcset=\"https:\/\/www.velocity-limburg.nl\/wp-content\/uploads\/2021\/02\/Q55A3007-1024x683.jpg 1024w, https:\/\/www.velocity-limburg.nl\/wp-content\/uploads\/2021\/02\/Q55A3007-300x200.jpg 300w, https:\/\/www.velocity-limburg.nl\/wp-content\/uploads\/2021\/02\/Q55A3007-768x512.jpg 768w, https:\/\/www.velocity-limburg.nl\/wp-content\/uploads\/2021\/02\/Q55A3007-1536x1024.jpg 1536w, https:\/\/www.velocity-limburg.nl\/wp-content\/uploads\/2021\/02\/Q55A3007-2048x1365.jpg 2048w\" sizes=\"auto, (max-width: 1024px) 100vw, 1024px\" \/>\t\t\t\t\t\t\t\t\t\t\t\t\t\t<\/p>\n<h3>Mobility Hub Partnerschaft<\/h3>\n<p>Eine Mobility Hub Partnerschaft beinhaltet die Errichtung einer Station an Ihrem Standort, das Recht zur Bestimmung des Namens der Station, Nutzung der Werbefl\u00e4chen auf den E-Bikes sowie ein individuell einsetzbares Kontingent zur Nutzung der E-Bikes.&nbsp; Es stellt ein nachhaltiges&nbsp;Mobilit\u00e4tsangebot sicher und ist ein starkes Bekenntnis zu umweltfreundlicher Mobilit\u00e4t. Gleichzeitig steigern Sie mit einer Velocity-Station an Ihrem Standort die Erreichbarkeit f\u00fcr Mitarbeiter und Gesch\u00e4ftspartner.<\/p>\n<h3>Nutzungskontingent<\/h3>\n<p>Nach dem Erwerb von Kontingenten f\u00fcr die Nutzung der E-Bikes, k\u00f6nnen Sie an jeder Velocity-Station unsere Fahrzeuge ausleihen und folgende Vorteile genie\u00dfen:<\/p>\n<ul>\n<li>Nutzung f\u00fcr Dienstfahrten der Mitarbeiter<\/li>\n<li>Weitergabe von Guthaben an Ihre Mitarbeiter f\u00fcr deren Arbeitsweg und private Fahrten<\/li>\n<li>Bereitstellung als Einmalticket oder Gutschein f\u00fcr Kunden oder Gesch\u00e4ftspartner<\/li>\n<\/ul>\n<p>\t\t\t\t\t\t\t\t\t\t\t\t<img decoding=\"async\" width=\"1024\" height=\"683\" src=\"https:\/\/www.velocity-limburg.nl\/wp-content\/uploads\/2021\/02\/Q55A3715-1024x683.jpg\" alt=\"\" loading=\"lazy\" srcset=\"https:\/\/www.velocity-limburg.nl\/wp-content\/uploads\/2021\/02\/Q55A3715-1024x683.jpg 1024w, https:\/\/www.velocity-limburg.nl\/wp-content\/uploads\/2021\/02\/Q55A3715-300x200.jpg 300w, https:\/\/www.velocity-limburg.nl\/wp-content\/uploads\/2021\/02\/Q55A3715-768x512.jpg 768w, https:\/\/www.velocity-limburg.nl\/wp-content\/uploads\/2021\/02\/Q55A3715-1536x1024.jpg 1536w, https:\/\/www.velocity-limburg.nl\/wp-content\/uploads\/2021\/02\/Q55A3715-2048x1365.jpg 2048w\" sizes=\"auto, (max-width: 1024px) 100vw, 1024px\" \/><br \/>\n\t\t\t\t\t\t\t\t\t\t\t\t<img decoding=\"async\" width=\"1024\" height=\"683\" src=\"https:\/\/www.velocity-limburg.nl\/wp-content\/uploads\/2021\/02\/Q55A1036-Kopie-1024x683.jpg\" alt=\"velocity-siegerland-business\" loading=\"lazy\" srcset=\"https:\/\/www.velocity-limburg.nl\/wp-content\/uploads\/2021\/02\/Q55A1036-Kopie-1024x683.jpg 1024w, https:\/\/www.velocity-limburg.nl\/wp-content\/uploads\/2021\/02\/Q55A1036-Kopie-300x200.jpg 300w, https:\/\/www.velocity-limburg.nl\/wp-content\/uploads\/2021\/02\/Q55A1036-Kopie-768x512.jpg 768w, https:\/\/www.velocity-limburg.nl\/wp-content\/uploads\/2021\/02\/Q55A1036-Kopie-1536x1024.jpg 1536w, https:\/\/www.velocity-limburg.nl\/wp-content\/uploads\/2021\/02\/Q55A1036-Kopie-2048x1366.jpg 2048w\" sizes=\"auto, (max-width: 1024px) 100vw, 1024px\" \/>\t\t\t\t\t\t\t\t\t\t\t\t\t\t<\/p>\n<h3>Werbefl\u00e4chen<\/h3>\n<p>Unsere Bike-Werbung ist der mobile Au\u00dfenwerbungstr\u00e4ger, mit dem Sie viele Kontaktpunkte erzielen und gleichzeitig aktiv in Interaktion mit den Kunden treten. Mit Ihrem individuellen Design verbreiten Sie Ihre Botschaft in der ganzen Stadt und profitieren vom nachhaltigen Image, das mit dem E-Bike-Sharing verbunden wird. Durch die im periurbanen Leben sichtbaren Werbefl\u00e4chen werden st\u00e4ndig neue Zielgruppen erreicht und Ihr Bekanntheitsgrad erh\u00f6ht.<\/p>\n<h2>\n<h2>Unsere Partner<\/h2>\n<\/h2>\n<p style=\"font-size: 16px;\">Velocity wird durch die Bem\u00fchungen vieler Partner realisiert.<\/p>\n<figure><img decoding=\"async\" src=\"https:\/\/www.velocity-limburg.nl\/wp-content\/uploads\/2023\/12\/LogoEinpassung7.png\" alt=\"BTM\" \/><\/figure>\n<figure><img decoding=\"async\" src=\"https:\/\/www.velocity-limburg.nl\/wp-content\/uploads\/2022\/05\/LogoEinpassung6-1.jpg\" alt=\"Interreg\" \/><\/figure>\n<figure><img decoding=\"async\" src=\"https:\/\/www.velocity-limburg.nl\/wp-content\/uploads\/2022\/05\/LogoEinpassung.jpg\" alt=\"Parkstad Limburg\" \/><\/figure>\n<figure><img decoding=\"async\" src=\"https:\/\/www.velocity-limburg.nl\/wp-content\/uploads\/2022\/05\/LogoEinpassung2.jpg\" alt=\"Provincie Limburg\" \/><\/figure>\n<figure><img decoding=\"async\" src=\"https:\/\/www.velocity-limburg.nl\/wp-content\/uploads\/2022\/05\/LogoEinpassung3.jpg\" alt=\"emr connect\" \/><\/figure>\n<figure><img decoding=\"async\" src=\"https:\/\/www.velocity-limburg.nl\/wp-content\/uploads\/2022\/05\/LogoEinpassung4.jpg\" alt=\"Parkstad Transformeert\" \/><\/figure>\n<figure><img decoding=\"async\" src=\"https:\/\/www.velocity-limburg.nl\/wp-content\/uploads\/2022\/05\/LogoEinpassung5.jpg\" alt=\"VCM\" \/><\/figure>\n<h2>Kontakt<\/h2>\n<ul>\n<li>\n\t\t\t\t\t\t\t\t\t\tBenedikt Markett\n\t\t\t\t\t\t\t\t\t<\/li>\n<li>\n\t\t\t\t\t\t\t\t\t\tBohr 10, 6422 Heerlen, NL\n\t\t\t\t\t\t\t\t\t<\/li>\n<li>\n\t\t\t\t\t\t\t\t\t\t+49 1578 0514549\n\t\t\t\t\t\t\t\t\t<\/li>\n<li>\n\t\t\t\t\t\t\t\t\t\t\t<a href=\"http:\/\/benedikt.markett@velocity-limburg.nl\"><br \/>\n\t\t\t\t\t\t\t\t\t\tbenedikt.markett@velocity-limburg.nl<br \/>\n\t\t\t\t\t\t\t\t\t\t\t<\/a>\n\t\t\t\t\t\t\t\t\t<\/li>\n<\/ul>\n<p>\t\t\t\tSocial Media<br \/>\n\t\t\t\t\t<a href=\"https:\/\/www.facebook.com\/velocitylimburg\" target=\"_blank\" rel=\"noopener\"><br \/>\n\t\t\t\t\t\tFacebook<br \/>\n\t\t\t\t\t\t\t\t\t\t\t<\/a><br \/>\n\t\t\t\t\t<a href=\"https:\/\/www.instagram.com\/velocity.limburg\/\" target=\"_blank\" rel=\"noopener\"><br \/>\n\t\t\t\t\t\tInstagram<br \/>\n\t\t\t\t\t\t\t\t\t\t\t<\/a><br \/>\n\t\t\t\t\t<a href=\"https:\/\/www.linkedin.com\/company\/velocity-limburg-b-v\/\" target=\"_blank\" rel=\"noopener\"><br \/>\n\t\t\t\t\t\tLinkedin<br \/>\n\t\t\t\t\t\t\t\t\t\t\t<\/a><br \/>\n\t\t\t<a href=\"https:\/\/www.velocity-limburg.nl\/business\/#\"><br \/>\n\t\t\t\t\t\tZUR\u00dcCK NACH OBEN<br \/>\n\t\t\t\t\t<\/a><\/p>\n","protected":false},"excerpt":{"rendered":"<p>Angebot f\u00fcr Gesch\u00e4ftskunden und Unternehmen E-Bikes spielen in der betrieblichen Mobilit\u00e4t der Zukunft eine gro\u00dfe Rolle. Der Einsatz von E-Bikes tr\u00e4gt nicht nur zur Verbesserung der Umweltbilanz Ihres Betriebes und der Gesundheit Ihrer Mitarbeiter bei, Sie k\u00f6nnen auch effektiv Ihre Mobilit\u00e4tskosten und die Anzahl der PKW-Stellpl\u00e4tze reduzieren. In vielen F\u00e4llen sind Ihre Mitarbeiter mit E-Bikes &hellip;<\/p>\n<p class=\"read-more\"> <a class=\"\" href=\"https:\/\/www.velocity-limburg.nl\/de\/bedrijf\/\"> <span class=\"screen-reader-text\">Gesch\u00e4ftskunden<\/span> Weiterlesen &raquo;<\/a><\/p>\n","protected":false},"author":9,"featured_media":0,"parent":0,"menu_order":0,"comment_status":"closed","ping_status":"closed","template":"","meta":{"site-sidebar-layout":"no-sidebar","site-content-layout":"page-builder","ast-global-header-display":"","ast-main-header-display":"","ast-hfb-above-header-display":"","ast-hfb-below-header-display":"","ast-hfb-mobile-header-display":"","site-post-title":"disabled","ast-breadcrumbs-content":"","ast-featured-img":"disabled","footer-sml-layout":"","theme-transparent-header-meta":"enabled","adv-header-id-meta":"","stick-header-meta":"","header-above-stick-meta":"","header-main-stick-meta":"","header-below-stick-meta":"","footnotes":""},"class_list":["post-449","page","type-page","status-publish","hentry"],"translation":{"provider":"WPGlobus","version":"3.0.2","language":"de","enabled_languages":["nl","de","en"],"languages":{"nl":{"title":true,"content":true,"excerpt":false},"de":{"title":true,"content":true,"excerpt":false},"en":{"title":true,"content":true,"excerpt":false}}},"yoast_head":"<!-- This site is optimized with the Yoast SEO plugin v20.10 - https:\/\/yoast.com\/wordpress\/plugins\/seo\/ -->\n<title>Velocity Limburg | E-Bike-Sharing voor zakelijke klanten en bedrijven<\/title>\n<meta name=\"robots\" content=\"index, follow, max-snippet:-1, max-image-preview:large, max-video-preview:-1\" \/>\n<link rel=\"canonical\" href=\"https:\/\/www.velocity-limburg.nl\/bedrijf\/\" \/>\n<meta property=\"og:locale\" content=\"de_DE\" \/>\n<meta property=\"og:type\" content=\"article\" \/>\n<meta property=\"og:title\" content=\"Gesch\u00e4ftskunden - Velocity Limburg B.V.\" \/>\n<meta property=\"og:url\" content=\"https:\/\/www.velocity-limburg.nl\/bedrijf\/\" \/>\n<meta property=\"og:site_name\" content=\"Velocity Limburg B.V.\" \/>\n<meta property=\"article:publisher\" content=\"https:\/\/www.facebook.com\/velocitysiegerland\" \/>\n<meta property=\"article:modified_time\" content=\"2023-12-12T14:48:19+00:00\" \/>\n<meta property=\"og:image\" content=\"https:\/\/www.velocity-limburg.nl\/wp-content\/uploads\/2021\/02\/Q55A3007-1024x683.jpg\" \/>\n<meta name=\"twitter:card\" content=\"summary_large_image\" \/>\n<meta name=\"twitter:label1\" content=\"Gesch\u00e4tzte Lesezeit\" \/>\n\t<meta name=\"twitter:data1\" content=\"8\u00a0Minuten\" \/>\n<script type=\"application\/ld+json\" class=\"yoast-schema-graph\">{\"@context\":\"https:\/\/schema.org\",\"@graph\":[{\"@type\":\"WebPage\",\"@id\":\"https:\/\/www.velocity-limburg.nl\/bedrijf\/\",\"url\":\"https:\/\/www.velocity-limburg.nl\/bedrijf\/\",\"name\":\"Velocity Limburg | E-Bike-Sharing voor zakelijke klanten en bedrijven\",\"isPartOf\":{\"@id\":\"https:\/\/www.velocity-limburg.nl\/#website\"},\"datePublished\":\"2021-11-20T08:17:00+00:00\",\"dateModified\":\"2023-12-12T14:48:19+00:00\",\"description\":\"M\u00f6chten Sie sich als Unternehmen hervorheben und einen wichtigen Schritt in Richtung eines klimaneutralen Limburgs machen?\",\"breadcrumb\":{\"@id\":\"https:\/\/www.velocity-limburg.nl\/bedrijf\/#breadcrumb\"},\"inLanguage\":\"de\",\"potentialAction\":[{\"@type\":\"ReadAction\",\"target\":[\"https:\/\/www.velocity-limburg.nl\/bedrijf\/\"]}]},{\"@type\":\"BreadcrumbList\",\"@id\":\"https:\/\/www.velocity-limburg.nl\/bedrijf\/#breadcrumb\",\"itemListElement\":[{\"@type\":\"ListItem\",\"position\":1,\"name\":\"Startseite\",\"item\":\"https:\/\/www.velocity-limburg.nl\/\"},{\"@type\":\"ListItem\",\"position\":2,\"name\":\"Bedrijf\"}]},{\"@type\":\"WebSite\",\"@id\":\"https:\/\/www.velocity-limburg.nl\/#website\",\"url\":\"https:\/\/www.velocity-limburg.nl\/\",\"name\":\"Velocity Limburg B.V.\",\"description\":\"\",\"publisher\":{\"@id\":\"https:\/\/www.velocity-limburg.nl\/#organization\"},\"potentialAction\":[{\"@type\":\"SearchAction\",\"target\":{\"@type\":\"EntryPoint\",\"urlTemplate\":\"https:\/\/www.velocity-limburg.nl\/?s={search_term_string}\"},\"query-input\":\"required name=search_term_string\"}],\"inLanguage\":\"de\"},{\"@type\":\"Organization\",\"@id\":\"https:\/\/www.velocity-limburg.nl\/#organization\",\"name\":\"Velocity Limburg B.V.\",\"url\":\"https:\/\/www.velocity-limburg.nl\/\",\"logo\":{\"@type\":\"ImageObject\",\"inLanguage\":\"de\",\"@id\":\"https:\/\/www.velocity-limburg.nl\/#\/schema\/logo\/image\/\",\"url\":\"https:\/\/www.velocity-limburg.nl\/wp-content\/uploads\/2021\/12\/VCL_Logo_weiss.png\",\"contentUrl\":\"https:\/\/www.velocity-limburg.nl\/wp-content\/uploads\/2021\/12\/VCL_Logo_weiss.png\",\"width\":2202,\"height\":728,\"caption\":\"Velocity Limburg B.V.\"},\"image\":{\"@id\":\"https:\/\/www.velocity-limburg.nl\/#\/schema\/logo\/image\/\"},\"sameAs\":[\"https:\/\/www.facebook.com\/velocitysiegerland\",\"https:\/\/www.instagram.com\/velocity.siegerland\/\",\"https:\/\/www.linkedin.com\/company\/velocity-mobility\/\"]}]}<\/script>\n<!-- \/ Yoast SEO plugin. -->","yoast_head_json":{"title":"Velocity Limburg | E-Bike-Sharing voor zakelijke klanten en bedrijven","robots":{"index":"index","follow":"follow","max-snippet":"max-snippet:-1","max-image-preview":"max-image-preview:large","max-video-preview":"max-video-preview:-1"},"canonical":"https:\/\/www.velocity-limburg.nl\/bedrijf\/","og_locale":"de_DE","og_type":"article","og_title":"Gesch\u00e4ftskunden - Velocity Limburg B.V.","og_url":"https:\/\/www.velocity-limburg.nl\/bedrijf\/","og_site_name":"Velocity Limburg B.V.","article_publisher":"https:\/\/www.facebook.com\/velocitysiegerland","article_modified_time":"2023-12-12T14:48:19+00:00","og_image":[{"url":"https:\/\/www.velocity-limburg.nl\/wp-content\/uploads\/2021\/02\/Q55A3007-1024x683.jpg"}],"twitter_card":"summary_large_image","twitter_misc":{"Gesch\u00e4tzte Lesezeit":"8\u00a0Minuten"},"schema":{"@context":"https:\/\/schema.org","@graph":[{"@type":"WebPage","@id":"https:\/\/www.velocity-limburg.nl\/bedrijf\/","url":"https:\/\/www.velocity-limburg.nl\/bedrijf\/","name":"Velocity Limburg | E-Bike-Sharing voor zakelijke klanten en bedrijven","isPartOf":{"@id":"https:\/\/www.velocity-limburg.nl\/#website"},"datePublished":"2021-11-20T08:17:00+00:00","dateModified":"2023-12-12T14:48:19+00:00","description":"M\u00f6chten Sie sich als Unternehmen hervorheben und einen wichtigen Schritt in Richtung eines klimaneutralen Limburgs machen?","breadcrumb":{"@id":"https:\/\/www.velocity-limburg.nl\/bedrijf\/#breadcrumb"},"inLanguage":"de","potentialAction":[{"@type":"ReadAction","target":["https:\/\/www.velocity-limburg.nl\/bedrijf\/"]}]},{"@type":"BreadcrumbList","@id":"https:\/\/www.velocity-limburg.nl\/bedrijf\/#breadcrumb","itemListElement":[{"@type":"ListItem","position":1,"name":"Startseite","item":"https:\/\/www.velocity-limburg.nl\/"},{"@type":"ListItem","position":2,"name":"Bedrijf"}]},{"@type":"WebSite","@id":"https:\/\/www.velocity-limburg.nl\/#website","url":"https:\/\/www.velocity-limburg.nl\/","name":"Velocity Limburg B.V.","description":"","publisher":{"@id":"https:\/\/www.velocity-limburg.nl\/#organization"},"potentialAction":[{"@type":"SearchAction","target":{"@type":"EntryPoint","urlTemplate":"https:\/\/www.velocity-limburg.nl\/?s={search_term_string}"},"query-input":"required name=search_term_string"}],"inLanguage":"de"},{"@type":"Organization","@id":"https:\/\/www.velocity-limburg.nl\/#organization","name":"Velocity Limburg B.V.","url":"https:\/\/www.velocity-limburg.nl\/","logo":{"@type":"ImageObject","inLanguage":"de","@id":"https:\/\/www.velocity-limburg.nl\/#\/schema\/logo\/image\/","url":"https:\/\/www.velocity-limburg.nl\/wp-content\/uploads\/2021\/12\/VCL_Logo_weiss.png","contentUrl":"https:\/\/www.velocity-limburg.nl\/wp-content\/uploads\/2021\/12\/VCL_Logo_weiss.png","width":2202,"height":728,"caption":"Velocity Limburg B.V."},"image":{"@id":"https:\/\/www.velocity-limburg.nl\/#\/schema\/logo\/image\/"},"sameAs":["https:\/\/www.facebook.com\/velocitysiegerland","https:\/\/www.instagram.com\/velocity.siegerland\/","https:\/\/www.linkedin.com\/company\/velocity-mobility\/"]}]}},"_links":{"self":[{"href":"https:\/\/www.velocity-limburg.nl\/de\/wp-json\/wp\/v2\/pages\/449","targetHints":{"allow":["GET"]}}],"collection":[{"href":"https:\/\/www.velocity-limburg.nl\/de\/wp-json\/wp\/v2\/pages"}],"about":[{"href":"https:\/\/www.velocity-limburg.nl\/de\/wp-json\/wp\/v2\/types\/page"}],"author":[{"embeddable":true,"href":"https:\/\/www.velocity-limburg.nl\/de\/wp-json\/wp\/v2\/users\/9"}],"replies":[{"embeddable":true,"href":"https:\/\/www.velocity-limburg.nl\/de\/wp-json\/wp\/v2\/comments?post=449"}],"version-history":[{"count":10,"href":"https:\/\/www.velocity-limburg.nl\/de\/wp-json\/wp\/v2\/pages\/449\/revisions"}],"predecessor-version":[{"id":3677,"href":"https:\/\/www.velocity-limburg.nl\/de\/wp-json\/wp\/v2\/pages\/449\/revisions\/3677"}],"wp:attachment":[{"href":"https:\/\/www.velocity-limburg.nl\/de\/wp-json\/wp\/v2\/media?parent=449"}],"curies":[{"name":"wp","href":"https:\/\/api.w.org\/{rel}","templated":true}]}}